{"id":1814,"date":"2026-01-01T10:32:07","date_gmt":"2026-01-01T15:32:07","guid":{"rendered":"https:\/\/auxtrouvaillesdemandeville.org\/?page_id=1814"},"modified":"2026-04-10T14:19:12","modified_gmt":"2026-04-10T18:19:12","slug":"actualite","status":"publish","type":"page","link":"https:\/\/auxtrouvaillesdemandeville.org\/?page_id=1814","title":{"rendered":"Actualit\u00e9"},"content":{"rendered":"\t\t<div data-elementor-type=\"wp-page\" data-elementor-id=\"1814\" class=\"elementor elementor-1814\">\n\t\t\t\t<div class=\"elementor-element elementor-element-c4874bb e-flex e-con-boxed e-con e-parent\" data-id=\"c4874bb\" data-element_type=\"container\" data-e-type=\"container\" data-settings=\"{&quot;background_background&quot;:&quot;classic&quot;}\">\n\t\t\t\t\t<div class=\"e-con-inner\">\n\t\t\t\t<div class=\"elementor-element elementor-element-3792caa elementor-widget elementor-widget-html\" data-id=\"3792caa\" data-element_type=\"widget\" data-e-type=\"widget\" data-widget_type=\"html.default\">\n\t\t\t\t\t<style>\r\n.elementor-widget-n-accordion {\r\n    --n-accordion-border-width:2px;\r\n    --n-accordion-border-color: rgb(231, 151, 24);\r\n}<\/style>\t\t\t\t<\/div>\n\t\t\t\t<div class=\"elementor-element elementor-element-8e3165f elementor-widget elementor-widget-n-accordion\" data-id=\"8e3165f\" data-element_type=\"widget\" data-e-type=\"widget\" data-settings=\"{&quot;default_state&quot;:&quot;expanded&quot;,&quot;max_items_expended&quot;:&quot;one&quot;,&quot;n_accordion_animation_duration&quot;:{&quot;unit&quot;:&quot;ms&quot;,&quot;size&quot;:400,&quot;sizes&quot;:[]}}\" data-widget_type=\"nested-accordion.default\">\n\t\t\t\t\t\t\t<div class=\"e-n-accordion\" aria-label=\"Accordion. Open links with Enter or Space, close with Escape, and navigate with Arrow Keys\">\n\t\t\t\t\t\t<details id=\"e-n-accordion-item-1490\" class=\"e-n-accordion-item\" open>\n\t\t\t\t<summary class=\"e-n-accordion-item-title\" data-accordion-index=\"1\" tabindex=\"0\" aria-expanded=\"true\" aria-controls=\"e-n-accordion-item-1490\" >\n\t\t\t\t\t<span class='e-n-accordion-item-title-header'><div class=\"e-n-accordion-item-title-text\"> Aux Trouvailles de Mandeville en gr\u00e8ve du 23 mars au 2 avril 2026 <\/div><\/span>\n\t\t\t\t\t\t\t<span class='e-n-accordion-item-title-icon'>\n\t\t\t<span class='e-opened' ><svg aria-hidden=\"true\" class=\"e-font-icon-svg e-fas-minus\" viewBox=\"0 0 448 512\" xmlns=\"http:\/\/www.w3.org\/2000\/svg\"><path d=\"M416 208H32c-17.67 0-32 14.33-32 32v32c0 17.67 14.33 32 32 32h384c17.67 0 32-14.33 32-32v-32c0-17.67-14.33-32-32-32z\"><\/path><\/svg><\/span>\n\t\t\t<span class='e-closed'><svg aria-hidden=\"true\" class=\"e-font-icon-svg e-fas-plus\" viewBox=\"0 0 448 512\" xmlns=\"http:\/\/www.w3.org\/2000\/svg\"><path d=\"M416 208H272V64c0-17.67-14.33-32-32-32h-32c-17.67 0-32 14.33-32 32v144H32c-17.67 0-32 14.33-32 32v32c0 17.67 14.33 32 32 32h144v144c0 17.67 14.33 32 32 32h32c17.67 0 32-14.33 32-32V304h144c17.67 0 32-14.33 32-32v-32c0-17.67-14.33-32-32-32z\"><\/path><\/svg><\/span>\n\t\t<\/span>\n\n\t\t\t\t\t\t<\/summary>\n\t\t\t\t<div role=\"region\" aria-labelledby=\"e-n-accordion-item-1490\" class=\"elementor-element elementor-element-4962cfa e-flex e-con-boxed e-con e-child\" data-id=\"4962cfa\" data-element_type=\"container\" data-e-type=\"container\">\n\t\t\t\t\t<div class=\"e-con-inner\">\n\t\t<div role=\"region\" aria-labelledby=\"e-n-accordion-item-1490\" class=\"elementor-element elementor-element-9cf78ca e-con-full e-flex e-con e-child\" data-id=\"9cf78ca\" data-element_type=\"container\" data-e-type=\"container\">\n\t\t\t\t<div class=\"elementor-element elementor-element-14cdafa elementor-invisible elementor-widget elementor-widget-heading\" data-id=\"14cdafa\" data-element_type=\"widget\" data-e-type=\"widget\" data-settings=\"{&quot;_animation&quot;:&quot;fadeInDown&quot;}\" data-widget_type=\"heading.default\">\n\t\t\t\t\t<h2 class=\"elementor-heading-title elementor-size-default\">Aux Trouvailles de Mandeville \u00e0 boutte!<\/h2>\t\t\t\t<\/div>\n\t\t\t\t<div class=\"elementor-element elementor-element-dc721b5 elementor-invisible elementor-widget elementor-widget-text-editor\" data-id=\"dc721b5\" data-element_type=\"widget\" data-e-type=\"widget\" data-settings=\"{&quot;_animation&quot;:&quot;fadeInUp&quot;}\" data-widget_type=\"text-editor.default\">\n\t\t\t\t\t\t\t\t\t<div>Du 23 mars au 2 avril 2026, Aux Trouvailles de Mandeville a particip\u00e9 au mouvement national le communautaire \u00e0 boutte afin de garantir la continuit\u00e9 de notre mission.<\/div><div>\u00a0<\/div><div><span style=\"text-decoration: underline;\"><a href=\"https:\/\/aboutte.info\/\">En savoir plus<\/a><\/span><\/div><div><span style=\"text-decoration: underline;\"><a href=\"https:\/\/linktr.ee\/aboutte\">Revue de presse<\/a><\/span><\/div>\t\t\t\t\t\t\t\t<\/div>\n\t\t\t\t<\/div>\n\t\t<div role=\"region\" aria-labelledby=\"e-n-accordion-item-1490\" class=\"elementor-element elementor-element-edc159f e-con-full e-flex e-con e-child\" data-id=\"edc159f\" data-element_type=\"container\" data-e-type=\"container\">\n\t\t\t\t<div class=\"elementor-element elementor-element-79b1278 image-border-custom elementor-invisible elementor-widget elementor-widget-image\" data-id=\"79b1278\" data-element_type=\"widget\" data-e-type=\"widget\" data-settings=\"{&quot;_animation&quot;:&quot;zoomIn&quot;}\" data-widget_type=\"image.default\">\n\t\t\t\t\t\t\t\t\t\t\t\t\t\t\t<img fetchpriority=\"high\" decoding=\"async\" width=\"1024\" height=\"1024\" src=\"https:\/\/auxtrouvaillesdemandeville.org\/wp-content\/uploads\/2026\/03\/Logo-A-BOUTTE-carre-fond-noir-En-greve-du-23-mars-au-2-avril-1024x1024.png\" class=\"attachment-large size-large wp-image-3770\" alt=\"\" srcset=\"https:\/\/auxtrouvaillesdemandeville.org\/wp-content\/uploads\/2026\/03\/Logo-A-BOUTTE-carre-fond-noir-En-greve-du-23-mars-au-2-avril-1024x1024.png 1024w, https:\/\/auxtrouvaillesdemandeville.org\/wp-content\/uploads\/2026\/03\/Logo-A-BOUTTE-carre-fond-noir-En-greve-du-23-mars-au-2-avril-300x300.png 300w, https:\/\/auxtrouvaillesdemandeville.org\/wp-content\/uploads\/2026\/03\/Logo-A-BOUTTE-carre-fond-noir-En-greve-du-23-mars-au-2-avril-150x150.png 150w, https:\/\/auxtrouvaillesdemandeville.org\/wp-content\/uploads\/2026\/03\/Logo-A-BOUTTE-carre-fond-noir-En-greve-du-23-mars-au-2-avril-768x768.png 768w, https:\/\/auxtrouvaillesdemandeville.org\/wp-content\/uploads\/2026\/03\/Logo-A-BOUTTE-carre-fond-noir-En-greve-du-23-mars-au-2-avril.png 1080w\" sizes=\"(max-width: 1024px) 100vw, 1024px\" \/>\t\t\t\t\t\t\t\t\t\t\t\t\t\t\t<\/div>\n\t\t\t\t<\/div>\n\t\t\t\t\t<\/div>\n\t\t\t\t<\/div>\n\t\t\t\t\t<\/details>\n\t\t\t\t\t\t<details id=\"e-n-accordion-item-1491\" class=\"e-n-accordion-item\" >\n\t\t\t\t<summary class=\"e-n-accordion-item-title\" data-accordion-index=\"2\" tabindex=\"-1\" aria-expanded=\"false\" aria-controls=\"e-n-accordion-item-1491\" >\n\t\t\t\t\t<span class='e-n-accordion-item-title-header'><div class=\"e-n-accordion-item-title-text\"> Un nouveau d\u00e9cor pour l\u2019organisme Aux Trouvailles de Mandeville Publi\u00e9 le 17 d\u00e9c. 2025 dans l'action par Elise Brouillette <\/div><\/span>\n\t\t\t\t\t\t\t<span class='e-n-accordion-item-title-icon'>\n\t\t\t<span class='e-opened' ><svg aria-hidden=\"true\" class=\"e-font-icon-svg e-fas-minus\" viewBox=\"0 0 448 512\" xmlns=\"http:\/\/www.w3.org\/2000\/svg\"><path d=\"M416 208H32c-17.67 0-32 14.33-32 32v32c0 17.67 14.33 32 32 32h384c17.67 0 32-14.33 32-32v-32c0-17.67-14.33-32-32-32z\"><\/path><\/svg><\/span>\n\t\t\t<span class='e-closed'><svg aria-hidden=\"true\" class=\"e-font-icon-svg e-fas-plus\" viewBox=\"0 0 448 512\" xmlns=\"http:\/\/www.w3.org\/2000\/svg\"><path d=\"M416 208H272V64c0-17.67-14.33-32-32-32h-32c-17.67 0-32 14.33-32 32v144H32c-17.67 0-32 14.33-32 32v32c0 17.67 14.33 32 32 32h144v144c0 17.67 14.33 32 32 32h32c17.67 0 32-14.33 32-32V304h144c17.67 0 32-14.33 32-32v-32c0-17.67-14.33-32-32-32z\"><\/path><\/svg><\/span>\n\t\t<\/span>\n\n\t\t\t\t\t\t<\/summary>\n\t\t\t\t<div role=\"region\" aria-labelledby=\"e-n-accordion-item-1491\" class=\"elementor-element elementor-element-6f9046a e-con-full e-flex e-con e-child\" data-id=\"6f9046a\" data-element_type=\"container\" data-e-type=\"container\">\n\t\t<div role=\"region\" aria-labelledby=\"e-n-accordion-item-1491\" class=\"elementor-element elementor-element-e3185b1 e-flex e-con-boxed e-con e-child\" data-id=\"e3185b1\" data-element_type=\"container\" data-e-type=\"container\">\n\t\t\t\t\t<div class=\"e-con-inner\">\n\t\t\t\t<div class=\"elementor-element elementor-element-c6d58e1 elementor-invisible elementor-widget elementor-widget-heading\" data-id=\"c6d58e1\" data-element_type=\"widget\" data-e-type=\"widget\" data-settings=\"{&quot;_animation&quot;:&quot;fadeInDown&quot;}\" data-widget_type=\"heading.default\">\n\t\t\t\t\t<h2 class=\"elementor-heading-title elementor-size-default\">Un nouveau d\u00e9cor pour l\u2019organisme Aux Trouvailles de Mandeville<\/h2>\t\t\t\t<\/div>\n\t\t\t\t<div class=\"elementor-element elementor-element-f972d8f elementor-invisible elementor-widget elementor-widget-text-editor\" data-id=\"f972d8f\" data-element_type=\"widget\" data-e-type=\"widget\" data-settings=\"{&quot;_animation&quot;:&quot;fadeInUp&quot;}\" data-widget_type=\"text-editor.default\">\n\t\t\t\t\t\t\t\t\t<p>L\u2019organisme Aux Trouvailles de Mandeville a r\u00e9cemment inaugur\u00e9 ses nouveaux locaux gr\u00e2ce auxquels l\u2019\u00e9quipe compte bien accueillir un plus grand nombre de membres et promouvoir sa nouvelle programmation d\u2019activit\u00e9s.<\/p><p><span style=\"text-decoration: underline;\"><a href=\"https:\/\/www.lactiondautray.com\/article\/communaute\/un-nouveau-decor-pour-lorganisme-aux-trouvailles-de-mandeville\/\">Lire la suite<\/a><\/span><\/p><p><span style=\"text-decoration: underline;\"><a href=\"https:\/\/auxtrouvaillesdemandeville.org\/wp-content\/uploads\/2026\/01\/Un-nouveau-decor-pour-lorganisme-corrigee.pdf\">T\u00e9l\u00e9charger en format PDF<\/a><\/span><\/p>\t\t\t\t\t\t\t\t<\/div>\n\t\t\t\t\t<\/div>\n\t\t\t\t<\/div>\n\t\t<div role=\"region\" aria-labelledby=\"e-n-accordion-item-1491\" class=\"elementor-element elementor-element-0ba54dc e-con-full e-flex e-con e-child\" data-id=\"0ba54dc\" data-element_type=\"container\" data-e-type=\"container\">\n\t\t\t\t<div class=\"elementor-element elementor-element-d570904 image-border-custom elementor-invisible elementor-widget elementor-widget-image\" data-id=\"d570904\" data-element_type=\"widget\" data-e-type=\"widget\" data-settings=\"{&quot;_animation&quot;:&quot;zoomIn&quot;}\" data-widget_type=\"image.default\">\n\t\t\t\t\t\t\t\t\t\t\t\t\t\t\t<img decoding=\"async\" width=\"1024\" height=\"576\" src=\"https:\/\/auxtrouvaillesdemandeville.org\/wp-content\/uploads\/2026\/01\/image_nouveaux_locaux-1024x576.jpg\" class=\"attachment-large size-large wp-image-3135\" alt=\"\" srcset=\"https:\/\/auxtrouvaillesdemandeville.org\/wp-content\/uploads\/2026\/01\/image_nouveaux_locaux-1024x576.jpg 1024w, https:\/\/auxtrouvaillesdemandeville.org\/wp-content\/uploads\/2026\/01\/image_nouveaux_locaux-300x169.jpg 300w, https:\/\/auxtrouvaillesdemandeville.org\/wp-content\/uploads\/2026\/01\/image_nouveaux_locaux-768x432.jpg 768w, https:\/\/auxtrouvaillesdemandeville.org\/wp-content\/uploads\/2026\/01\/image_nouveaux_locaux-1536x864.jpg 1536w, https:\/\/auxtrouvaillesdemandeville.org\/wp-content\/uploads\/2026\/01\/image_nouveaux_locaux-2048x1152.jpg 2048w\" sizes=\"(max-width: 1024px) 100vw, 1024px\" \/>\t\t\t\t\t\t\t\t\t\t\t\t\t\t\t<\/div>\n\t\t\t\t<\/div>\n\t\t\t\t<\/div>\n\t\t\t\t\t<\/details>\n\t\t\t\t\t\t<details id=\"e-n-accordion-item-1492\" class=\"e-n-accordion-item\" >\n\t\t\t\t<summary class=\"e-n-accordion-item-title\" data-accordion-index=\"3\" tabindex=\"-1\" aria-expanded=\"false\" aria-controls=\"e-n-accordion-item-1492\" >\n\t\t\t\t\t<span class='e-n-accordion-item-title-header'><div class=\"e-n-accordion-item-title-text\"> Pr\u00e9sence d'Aux Trouvailles de Mandeville dans le calendrier de la MRC de D'Autray le mois de Mars 2024 <\/div><\/span>\n\t\t\t\t\t\t\t<span class='e-n-accordion-item-title-icon'>\n\t\t\t<span class='e-opened' ><svg aria-hidden=\"true\" class=\"e-font-icon-svg e-fas-minus\" viewBox=\"0 0 448 512\" xmlns=\"http:\/\/www.w3.org\/2000\/svg\"><path d=\"M416 208H32c-17.67 0-32 14.33-32 32v32c0 17.67 14.33 32 32 32h384c17.67 0 32-14.33 32-32v-32c0-17.67-14.33-32-32-32z\"><\/path><\/svg><\/span>\n\t\t\t<span class='e-closed'><svg aria-hidden=\"true\" class=\"e-font-icon-svg e-fas-plus\" viewBox=\"0 0 448 512\" xmlns=\"http:\/\/www.w3.org\/2000\/svg\"><path d=\"M416 208H272V64c0-17.67-14.33-32-32-32h-32c-17.67 0-32 14.33-32 32v144H32c-17.67 0-32 14.33-32 32v32c0 17.67 14.33 32 32 32h144v144c0 17.67 14.33 32 32 32h32c17.67 0 32-14.33 32-32V304h144c17.67 0 32-14.33 32-32v-32c0-17.67-14.33-32-32-32z\"><\/path><\/svg><\/span>\n\t\t<\/span>\n\n\t\t\t\t\t\t<\/summary>\n\t\t\t\t<div role=\"region\" aria-labelledby=\"e-n-accordion-item-1492\" class=\"elementor-element elementor-element-b21b3d3 e-flex e-con-boxed e-con e-child\" data-id=\"b21b3d3\" data-element_type=\"container\" data-e-type=\"container\">\n\t\t\t\t\t<div class=\"e-con-inner\">\n\t\t<div role=\"region\" aria-labelledby=\"e-n-accordion-item-1492\" class=\"elementor-element elementor-element-3102e36 e-con-full e-flex e-con e-child\" data-id=\"3102e36\" data-element_type=\"container\" data-e-type=\"container\">\n\t\t\t\t<div class=\"elementor-element elementor-element-7372dd2 elementor-invisible elementor-widget elementor-widget-heading\" data-id=\"7372dd2\" data-element_type=\"widget\" data-e-type=\"widget\" data-settings=\"{&quot;_animation&quot;:&quot;fadeInDown&quot;}\" data-widget_type=\"heading.default\">\n\t\t\t\t\t<h2 class=\"elementor-heading-title elementor-size-default\">Calendrier de la MRC de D'Autray<\/h2>\t\t\t\t<\/div>\n\t\t\t\t<div class=\"elementor-element elementor-element-148fd20 elementor-invisible elementor-widget elementor-widget-text-editor\" data-id=\"148fd20\" data-element_type=\"widget\" data-e-type=\"widget\" data-settings=\"{&quot;_animation&quot;:&quot;fadeInUp&quot;}\" data-widget_type=\"text-editor.default\">\n\t\t\t\t\t\t\t\t\t<p>L\u2019organisme Aux Trouvailles de Mandeville a \u00e9t\u00e9 pr\u00e9sent dans le calendrier de la MRC de D&rsquo;Autray le mois de Mars 2024.<\/p>\n\n<p><span style=\"text-decoration: underline;\"><a href=\"https:\/\/www.mrcautray.qc.ca\/wp-content\/uploads\/2023\/11\/calendrierbrandon2024.pdf\">Voir le calendrier<\/a><\/span><\/p>\n\n<a href=\"https:\/\/auxtrouvaillesdemandeville.org\/wp-content\/uploads\/2026\/01\/calendrierbrandon2024.pdf\" download=\"calendrierbrandon2024.pdf\"><span style=\"text-decoration: underline;\">T\u00e9l\u00e9charger le PDF<\/span><\/a>\t\t\t\t\t\t\t\t<\/div>\n\t\t\t\t<\/div>\n\t\t<div role=\"region\" aria-labelledby=\"e-n-accordion-item-1492\" class=\"elementor-element elementor-element-3457d36 e-con-full e-flex e-con e-child\" data-id=\"3457d36\" data-element_type=\"container\" data-e-type=\"container\">\n\t\t\t\t<div class=\"elementor-element elementor-element-98d670a image-border-custom elementor-invisible elementor-widget elementor-widget-image\" data-id=\"98d670a\" data-element_type=\"widget\" data-e-type=\"widget\" data-settings=\"{&quot;_animation&quot;:&quot;zoomIn&quot;}\" data-widget_type=\"image.default\">\n\t\t\t\t\t\t\t\t\t\t\t\t\t\t\t<img decoding=\"async\" width=\"934\" height=\"723\" src=\"https:\/\/auxtrouvaillesdemandeville.org\/wp-content\/uploads\/2026\/01\/pagemariodiamondcalendrierbrandon2024.png\" class=\"attachment-large size-large wp-image-3168\" alt=\"\" srcset=\"https:\/\/auxtrouvaillesdemandeville.org\/wp-content\/uploads\/2026\/01\/pagemariodiamondcalendrierbrandon2024.png 934w, https:\/\/auxtrouvaillesdemandeville.org\/wp-content\/uploads\/2026\/01\/pagemariodiamondcalendrierbrandon2024-300x232.png 300w, https:\/\/auxtrouvaillesdemandeville.org\/wp-content\/uploads\/2026\/01\/pagemariodiamondcalendrierbrandon2024-768x595.png 768w\" sizes=\"(max-width: 934px) 100vw, 934px\" \/>\t\t\t\t\t\t\t\t\t\t\t\t\t\t\t<\/div>\n\t\t\t\t<\/div>\n\t\t\t\t\t<\/div>\n\t\t\t\t<\/div>\n\t\t\t\t\t<\/details>\n\t\t\t\t\t<\/div>\n\t\t\t\t\t\t<\/div>\n\t\t\t\t\t<\/div>\n\t\t\t\t<\/div>\n\t\t\t\t<\/div>\n\t\t","protected":false},"excerpt":{"rendered":"<p>Aux Trouvailles de Mandeville en gr\u00e8ve du 23 mars au 2 avril 2026 Aux Trouvailles de Mandeville \u00e0 boutte! Du 23 mars au 2 avril 2026, Aux Trouvailles de Mandeville a particip\u00e9 au mouvement national le communautaire \u00e0 boutte afin de garantir la continuit\u00e9 de notre mission.\u00a0En savoir plusRevue de presse Un nouveau d\u00e9cor pour [&hellip;]<\/p>\n","protected":false},"author":1,"featured_media":0,"parent":0,"menu_order":0,"comment_status":"closed","ping_status":"closed","template":"","meta":{"footnotes":""},"class_list":["post-1814","page","type-page","status-publish","hentry"],"_links":{"self":[{"href":"https:\/\/auxtrouvaillesdemandeville.org\/index.php?rest_route=\/wp\/v2\/pages\/1814","targetHints":{"allow":["GET"]}}],"collection":[{"href":"https:\/\/auxtrouvaillesdemandeville.org\/index.php?rest_route=\/wp\/v2\/pages"}],"about":[{"href":"https:\/\/auxtrouvaillesdemandeville.org\/index.php?rest_route=\/wp\/v2\/types\/page"}],"author":[{"embeddable":true,"href":"https:\/\/auxtrouvaillesdemandeville.org\/index.php?rest_route=\/wp\/v2\/users\/1"}],"replies":[{"embeddable":true,"href":"https:\/\/auxtrouvaillesdemandeville.org\/index.php?rest_route=%2Fwp%2Fv2%2Fcomments&post=1814"}],"version-history":[{"count":103,"href":"https:\/\/auxtrouvaillesdemandeville.org\/index.php?rest_route=\/wp\/v2\/pages\/1814\/revisions"}],"predecessor-version":[{"id":3859,"href":"https:\/\/auxtrouvaillesdemandeville.org\/index.php?rest_route=\/wp\/v2\/pages\/1814\/revisions\/3859"}],"wp:attachment":[{"href":"https:\/\/auxtrouvaillesdemandeville.org\/index.php?rest_route=%2Fwp%2Fv2%2Fmedia&parent=1814"}],"curies":[{"name":"wp","href":"https:\/\/api.w.org\/{rel}","templated":true}]}}